{"id":2315,"date":"2020-03-03T11:03:26","date_gmt":"2020-03-03T10:03:26","guid":{"rendered":"https:\/\/www.seimmserramenti.it\/produits-serramenti-seimm\/les-fenetres\/serramenti-in-pvc\/"},"modified":"2023-09-07T17:30:17","modified_gmt":"2023-09-07T15:30:17","slug":"fenetres-pvc","status":"publish","type":"page","link":"https:\/\/www.seimmserramenti.it\/fr\/produits-serramenti-seimm\/les-fenetres\/fenetres-pvc\/","title":{"rendered":"Fen\u00eatres pvc"},"content":{"rendered":"<div class=\"wpb-content-wrapper\"><p>[vc_row][vc_column]<div id=\"ultimate-heading-42469f4a0a31625b\" class=\"uvc-heading ult-adjust-bottom-margin ultimate-heading-42469f4a0a31625b uvc-3023 accent-border-color\" data-hspacer=\"line_only\"  data-halign=\"left\" style=\"text-align:left\"><div class=\"uvc-main-heading ult-responsive\"  data-ultimate-target='.uvc-heading.ultimate-heading-42469f4a0a31625b h2'  data-responsive-json-new='{\"font-size\":\"desktop:26px;\",\"line-height\":\"desktop:36px;\"}' ><h2 style=\"font-weight:bold;margin-top:50px;\">Fen\u00eatres pvc<\/h2><\/div><div class=\"uvc-heading-spacer line_only\" style=\"margin-top:15px;margin-bottom:10px;height:4px;\"><span class=\"uvc-headings-line\" style=\"border-style:solid;border-bottom-width:4px;border-color:;width:50px;\"><\/span><\/div><\/div>[\/vc_column][\/vc_row][vc_row type=\u00a0\u00bbvc_default\u00a0\u00bb margin_top=\u00a0\u00bb5&Prime; margin_bottom=\u00a0\u00bb15&Prime; css=\u00a0\u00bb.vc_custom_1493829267800{padding-top: 70px !important;}\u00a0\u00bb][vc_column offset=\u00a0\u00bbvc_col-lg-6 vc_col-md-6 vc_col-xs-12&Prime; css=\u00a0\u00bb.vc_custom_1493829169670{padding-bottom: 70px !important;}\u00a0\u00bb]<style type=\"text\/css\" data-type=\"the7_shortcodes-inline-css\">.shortcode-single-image-wrap.shortcode-single-image-00bb62419fe267a341e313a06c85f35d.enable-bg-rollover .rollover i,\n.shortcode-single-image-wrap.shortcode-single-image-00bb62419fe267a341e313a06c85f35d.enable-bg-rollover .rollover-video i {\n  background: -webkit-linear-gradient();\n  background: linear-gradient();\n}\n.shortcode-single-image-wrap.shortcode-single-image-00bb62419fe267a341e313a06c85f35d .rollover-icon {\n  font-size: 32px;\n  color: #ffffff;\n  min-width: 44px;\n  min-height: 44px;\n  line-height: 44px;\n  border-radius: 100px;\n  border-style: solid;\n  border-width: 0px;\n}\n.dt-icon-bg-on.shortcode-single-image-wrap.shortcode-single-image-00bb62419fe267a341e313a06c85f35d .rollover-icon {\n  background: rgba(255,255,255,0.3);\n  box-shadow: none;\n}<\/style><div class=\"shortcode-single-image-wrap shortcode-single-image-00bb62419fe267a341e313a06c85f35d alignnone  vc_custom_1584095944856 enable-bg-rollover dt-icon-bg-off\" ><div class=\"shortcode-single-image\"><div class=\"fancy-media-wrap  layzr-bg\" style=\"\"><img fetchpriority=\"high\" decoding=\"async\" class=\"preload-me lazy-load aspect\" src=\"data:image\/svg+xml,%3Csvg%20xmlns%3D&#39;http%3A%2F%2Fwww.w3.org%2F2000%2Fsvg&#39;%20viewBox%3D&#39;0%200%201053%201404&#39;%2F%3E\" data-src=\"https:\/\/www.seimmserramenti.it\/wp-content\/uploads\/2020\/03\/serramenti-pvc-01-rotated-e1584095900799.jpg\" data-srcset=\"https:\/\/www.seimmserramenti.it\/wp-content\/uploads\/2020\/03\/serramenti-pvc-01-rotated-e1584095900799.jpg 1053w\" loading=\"eager\" sizes=\"(max-width: 1053px) 100vw, 1053px\" width=\"1053\" height=\"1404\"  data-dt-location=\"https:\/\/www.seimmserramenti.it\/fr\/serramenti-pvc-01\/\" style=\"--ratio: 1053 \/ 1404;\" alt=\"Serramenti PVC Seimm\" \/><\/div><\/div><\/div>[\/vc_column][vc_column offset=\u00a0\u00bbvc_col-lg-6 vc_col-md-6 vc_col-xs-12&Prime; css=\u00a0\u00bb.vc_custom_1493829183360{padding-bottom: 70px !important;}\u00a0\u00bb][vc_column_text]L&rsquo;excellence italienne sans compromis de la s\u00e9rie K70. Un concentr\u00e9 de polyvalence et de commodit\u00e9 qui combine les excellentes performances du PVC avec les besoins de style et de raffinement de la maison. La s\u00e9rie K70 est fabriqu\u00e9e avec un syst\u00e8me PVC RAL \u00ab\u00a0A\u00a0\u00bb de 70 mm, cinq chambres d&rsquo;isolation et deux joints d&rsquo;\u00e9tanch\u00e9it\u00e9. Les profil\u00e9s sont strictement renforc\u00e9s en acier, ils peuvent \u00eatre combin\u00e9s en diff\u00e9rentes variantes.<\/p>\n<p><strong>Syst\u00e8me:<\/strong><br \/>\n70 mm renforc\u00e9 d&rsquo;acier PVC classe RAL \u00ab\u00a0A\u00a0\u00bb, 5 chambres, 2 joints<\/p>\n<p><strong>Double vitrage:<\/strong><br \/>\nIsoTherm jusqu&rsquo;\u00e0 42 mm d&rsquo;\u00e9paisseur avec 90% de gaz Argon et conduit BordoCaldo<\/p>\n<p><strong>Quincaillerie:<\/strong><br \/>\nSecurPlus Confort avec deux points anti-effraction, micro-ventilation et loquet magn\u00e9tique sur les portes-fen\u00eatres.<\/p>\n<p>La gamme est compl\u00e9t\u00e9e par d&rsquo;autres s\u00e9ries avec des sections augment\u00e9es en fonction de l&rsquo;exigence d&rsquo;isolation.<\/p>\n<p>Gr\u00e2ce \u00e0 la vaste gamme de couleurs, des combinaisons bicolores peuvent \u00eatre cr\u00e9\u00e9es, donc l&rsquo;int\u00e9rieur d&rsquo;une couleur diff\u00e9rente de l&rsquo;ext\u00e9rieur et respectant l&rsquo;esth\u00e9tique de la copropri\u00e9t\u00e9 m\u00eame la plus exigeante.[\/vc_column_text][\/vc_column][\/vc_row][vc_row][vc_column]<style type=\"text\/css\" data-type=\"the7_shortcodes-inline-css\">.gallery-shortcode.gallery-masonry-shortcode-id-15f1d1badd191fb96c56916652fe9873 figure,\n.gallery-shortcode.gallery-masonry-shortcode-id-15f1d1badd191fb96c56916652fe9873 .rollover,\n.gallery-shortcode.gallery-masonry-shortcode-id-15f1d1badd191fb96c56916652fe9873 img,\n.gallery-shortcode.gallery-masonry-shortcode-id-15f1d1badd191fb96c56916652fe9873 .gallery-rollover {\n  border-radius: 0px;\n}\n.gallery-shortcode.gallery-masonry-shortcode-id-15f1d1badd191fb96c56916652fe9873.enable-bg-rollover .gallery-rollover {\n  background: -webkit-linear-gradient();\n  background: linear-gradient();\n}\n.gallery-shortcode.gallery-masonry-shortcode-id-15f1d1badd191fb96c56916652fe9873.enable-bg-rollover.hover-scale figure .rollover:after {\n  background: -webkit-linear-gradient();\n  background: linear-gradient();\n}\n.gallery-shortcode.gallery-masonry-shortcode-id-15f1d1badd191fb96c56916652fe9873 .gallery-zoom-ico {\n  width: 44px;\n  height: 44px;\n  line-height: 44px;\n  border-radius: 100px;\n  margin: -22px 0 0 -22px;\n  border-width: 0px;\n  color: #ffffff;\n}\n.dt-icon-bg-on.gallery-shortcode.gallery-masonry-shortcode-id-15f1d1badd191fb96c56916652fe9873 .gallery-zoom-ico {\n  background: rgba(255,255,255,0.3);\n  box-shadow: none;\n}\n.gallery-shortcode.gallery-masonry-shortcode-id-15f1d1badd191fb96c56916652fe9873 .gallery-zoom-ico:before,\n.gallery-shortcode.gallery-masonry-shortcode-id-15f1d1badd191fb96c56916652fe9873 .gallery-zoom-ico span {\n  font-size: 32px;\n  line-height: 44px;\n  color: #ffffff;\n}\n.gallery-shortcode.gallery-masonry-shortcode-id-15f1d1badd191fb96c56916652fe9873:not(.resize-by-browser-width) .dt-css-grid {\n  grid-row-gap: 10px;\n  grid-column-gap: 10px;\n  grid-template-columns: repeat(auto-fill,minmax(,1fr));\n}\n.gallery-shortcode.gallery-masonry-shortcode-id-15f1d1badd191fb96c56916652fe9873:not(.resize-by-browser-width) .dt-css-grid .double-width {\n  grid-column: span 2;\n}\n.cssgridlegacy.no-cssgrid .gallery-shortcode.gallery-masonry-shortcode-id-15f1d1badd191fb96c56916652fe9873:not(.resize-by-browser-width) .dt-css-grid,\n.no-cssgridlegacy.no-cssgrid .gallery-shortcode.gallery-masonry-shortcode-id-15f1d1badd191fb96c56916652fe9873:not(.resize-by-browser-width) .dt-css-grid {\n  display: flex;\n  flex-flow: row wrap;\n  margin: -5px;\n}\n.cssgridlegacy.no-cssgrid .gallery-shortcode.gallery-masonry-shortcode-id-15f1d1badd191fb96c56916652fe9873:not(.resize-by-browser-width) .dt-css-grid .wf-cell,\n.no-cssgridlegacy.no-cssgrid .gallery-shortcode.gallery-masonry-shortcode-id-15f1d1badd191fb96c56916652fe9873:not(.resize-by-browser-width) .dt-css-grid .wf-cell {\n  flex: 1 0 ;\n  max-width: 100%;\n  padding: 5px;\n  box-sizing: border-box;\n}\n.gallery-shortcode.gallery-masonry-shortcode-id-15f1d1badd191fb96c56916652fe9873.resize-by-browser-width .dt-css-grid {\n  grid-template-columns: repeat(6,1fr);\n  grid-template-rows: auto;\n  grid-column-gap: 10px;\n  grid-row-gap: 10px;\n}\n.gallery-shortcode.gallery-masonry-shortcode-id-15f1d1badd191fb96c56916652fe9873.resize-by-browser-width .dt-css-grid .double-width {\n  grid-column: span 2;\n}\n.cssgridlegacy.no-cssgrid .gallery-shortcode.gallery-masonry-shortcode-id-15f1d1badd191fb96c56916652fe9873.resize-by-browser-width .dt-css-grid {\n  margin: -5px;\n}\n.cssgridlegacy.no-cssgrid .gallery-shortcode.gallery-masonry-shortcode-id-15f1d1badd191fb96c56916652fe9873.resize-by-browser-width .dt-css-grid .wf-cell {\n  width: 16.666666666667%;\n  padding: 5px;\n}\n.cssgridlegacy.no-cssgrid .gallery-shortcode.gallery-masonry-shortcode-id-15f1d1badd191fb96c56916652fe9873.resize-by-browser-width .dt-css-grid .wf-cell.double-width {\n  width: calc(16.666666666667%) * 2;\n}\n.gallery-shortcode.gallery-masonry-shortcode-id-15f1d1badd191fb96c56916652fe9873.resize-by-browser-width:not(.centered-layout-list):not(.content-bg-on) .dt-css-grid {\n  grid-row-gap: 10px - ;\n}\n@media screen and (max-width: 1199px) {\n  .gallery-shortcode.gallery-masonry-shortcode-id-15f1d1badd191fb96c56916652fe9873.resize-by-browser-width .dt-css-grid {\n    grid-template-columns: repeat(4,1fr);\n  }\n  .cssgridlegacy.no-cssgrid .gallery-shortcode.gallery-masonry-shortcode-id-15f1d1badd191fb96c56916652fe9873.resize-by-browser-width .dt-css-grid .wf-cell,\n  .no-cssgridlegacy.no-cssgrid .gallery-shortcode.gallery-masonry-shortcode-id-15f1d1badd191fb96c56916652fe9873.resize-by-browser-width .dt-css-grid .wf-cell {\n    width: 25%;\n  }\n  .cssgridlegacy.no-cssgrid .gallery-shortcode.gallery-masonry-shortcode-id-15f1d1badd191fb96c56916652fe9873.resize-by-browser-width .dt-css-grid .wf-cell.double-width,\n  .no-cssgridlegacy.no-cssgrid .gallery-shortcode.gallery-masonry-shortcode-id-15f1d1badd191fb96c56916652fe9873.resize-by-browser-width .dt-css-grid .wf-cell.double-width {\n    width: calc(25%)*2;\n  }\n}\n@media screen and (max-width: 991px) {\n  .gallery-shortcode.gallery-masonry-shortcode-id-15f1d1badd191fb96c56916652fe9873.resize-by-browser-width .dt-css-grid {\n    grid-template-columns: repeat(3,1fr);\n  }\n  .cssgridlegacy.no-cssgrid .gallery-shortcode.gallery-masonry-shortcode-id-15f1d1badd191fb96c56916652fe9873.resize-by-browser-width .dt-css-grid .wf-cell,\n  .no-cssgridlegacy.no-cssgrid .gallery-shortcode.gallery-masonry-shortcode-id-15f1d1badd191fb96c56916652fe9873.resize-by-browser-width .dt-css-grid .wf-cell {\n    width: 33.333333333333%;\n  }\n  .cssgridlegacy.no-cssgrid .gallery-shortcode.gallery-masonry-shortcode-id-15f1d1badd191fb96c56916652fe9873.resize-by-browser-width .dt-css-grid .wf-cell.double-width,\n  .no-cssgridlegacy.no-cssgrid .gallery-shortcode.gallery-masonry-shortcode-id-15f1d1badd191fb96c56916652fe9873.resize-by-browser-width .dt-css-grid .wf-cell.double-width {\n    width: calc(33.333333333333%)*2;\n  }\n}\n@media screen and (max-width: 767px) {\n  .gallery-shortcode.gallery-masonry-shortcode-id-15f1d1badd191fb96c56916652fe9873.resize-by-browser-width .dt-css-grid {\n    grid-template-columns: repeat(2,1fr);\n  }\n  .cssgridlegacy.no-cssgrid .gallery-shortcode.gallery-masonry-shortcode-id-15f1d1badd191fb96c56916652fe9873.resize-by-browser-width .dt-css-grid .wf-cell,\n  .no-cssgridlegacy.no-cssgrid .gallery-shortcode.gallery-masonry-shortcode-id-15f1d1badd191fb96c56916652fe9873.resize-by-browser-width .dt-css-grid .wf-cell {\n    width: 50%;\n  }\n  .cssgridlegacy.no-cssgrid .gallery-shortcode.gallery-masonry-shortcode-id-15f1d1badd191fb96c56916652fe9873.resize-by-browser-width .dt-css-grid .wf-cell.double-width,\n  .no-cssgridlegacy.no-cssgrid .gallery-shortcode.gallery-masonry-shortcode-id-15f1d1badd191fb96c56916652fe9873.resize-by-browser-width .dt-css-grid .wf-cell.double-width {\n    width: calc(50%)*2;\n  }\n}<\/style><div class=\"gallery-shortcode dt-gallery-container gallery-masonry-shortcode-id-15f1d1badd191fb96c56916652fe9873 mode-masonry jquery-filter dt-icon-bg-off quick-scale-img enable-bg-rollover resize-by-browser-width  hover-fade loading-effect-none description-on-hover\" data-padding=\"5px\" data-cur-page=\"1\" data-post-limit=\"-1\" data-pagination-mode=\"none\" data-desktop-columns-num=\"6\" data-v-tablet-columns-num=\"3\" data-h-tablet-columns-num=\"4\" data-phone-columns-num=\"2\" data-width=\"0px\" data-columns=\"0\"><div class=\"iso-container\" ><div class=\"wf-cell iso-item\" data-post-id=\"1971\" data-date=\"2020-03-13T11:22:48+01:00\" data-name=\"Serramenti PVC Seimm\"><figure class=\"post visible\"><a href=\"https:\/\/www.seimmserramenti.it\/wp-content\/uploads\/2020\/03\/serramenti-pvc-82.jpg\" class=\"rollover dt-pswp-item layzr-bg\" data-large_image_width=\"1181\" data-large_image_height=\"1181\" data-dt-img-description=\"\" title=\"Serramenti PVC Seimm\"><img decoding=\"async\" class=\"preload-me iso-lazy-load aspect\" src=\"data:image\/svg+xml,%3Csvg%20xmlns%3D&#39;http%3A%2F%2Fwww.w3.org%2F2000%2Fsvg&#39;%20viewBox%3D&#39;0%200%20379%20379&#39;%2F%3E\" data-src=\"https:\/\/www.seimmserramenti.it\/wp-content\/uploads\/2020\/03\/serramenti-pvc-82-379x379.jpg\" data-srcset=\"https:\/\/www.seimmserramenti.it\/wp-content\/uploads\/2020\/03\/serramenti-pvc-82-379x379.jpg 379w, https:\/\/www.seimmserramenti.it\/wp-content\/uploads\/2020\/03\/serramenti-pvc-82-569x569.jpg 569w\" loading=\"eager\" style=\"--ratio: 379 \/ 379\" sizes=\"(max-width: 379px) 100vw, 379px\" alt=\"\" width=\"379\" height=\"379\"  \/><span class=\"gallery-rollover\"><span class=\"gallery-zoom-ico icomoon-the7-font-the7-zoom-06\"><span><\/span><\/span><\/span><\/a><\/figure><\/div><div class=\"wf-cell iso-item\" data-post-id=\"1977\" data-date=\"2020-03-13T11:22:50+01:00\" data-name=\"Serramenti PVC Seimm\"><figure class=\"post visible\"><a href=\"https:\/\/www.seimmserramenti.it\/wp-content\/uploads\/2020\/03\/serramenti-pvc-k70.jpg\" class=\"rollover dt-pswp-item layzr-bg\" data-large_image_width=\"630\" data-large_image_height=\"630\" data-dt-img-description=\"\" title=\"Serramenti PVC Seimm\"><img decoding=\"async\" class=\"preload-me iso-lazy-load aspect\" src=\"data:image\/svg+xml,%3Csvg%20xmlns%3D&#39;http%3A%2F%2Fwww.w3.org%2F2000%2Fsvg&#39;%20viewBox%3D&#39;0%200%20379%20379&#39;%2F%3E\" data-src=\"https:\/\/www.seimmserramenti.it\/wp-content\/uploads\/2020\/03\/serramenti-pvc-k70-379x379.jpg\" data-srcset=\"https:\/\/www.seimmserramenti.it\/wp-content\/uploads\/2020\/03\/serramenti-pvc-k70-379x379.jpg 379w, https:\/\/www.seimmserramenti.it\/wp-content\/uploads\/2020\/03\/serramenti-pvc-k70-569x569.jpg 569w\" loading=\"eager\" style=\"--ratio: 379 \/ 379\" sizes=\"(max-width: 379px) 100vw, 379px\" alt=\"\" width=\"379\" height=\"379\"  \/><span class=\"gallery-rollover\"><span class=\"gallery-zoom-ico icomoon-the7-font-the7-zoom-06\"><span><\/span><\/span><\/span><\/a><\/figure><\/div><div class=\"wf-cell iso-item\" data-post-id=\"1981\" data-date=\"2020-03-13T11:22:51+01:00\" data-name=\"Serramenti PVC portoncino Seimm\"><figure class=\"post visible\"><a href=\"https:\/\/www.seimmserramenti.it\/wp-content\/uploads\/2020\/03\/serramenti-pvc-portoncino.png\" class=\"rollover dt-pswp-item layzr-bg\" data-large_image_width=\"630\" data-large_image_height=\"630\" data-dt-img-description=\"\" title=\"Serramenti PVC portoncino Seimm\"><img decoding=\"async\" class=\"preload-me iso-lazy-load aspect\" src=\"data:image\/svg+xml,%3Csvg%20xmlns%3D&#39;http%3A%2F%2Fwww.w3.org%2F2000%2Fsvg&#39;%20viewBox%3D&#39;0%200%20379%20379&#39;%2F%3E\" data-src=\"https:\/\/www.seimmserramenti.it\/wp-content\/uploads\/2020\/03\/serramenti-pvc-portoncino-379x379.png\" data-srcset=\"https:\/\/www.seimmserramenti.it\/wp-content\/uploads\/2020\/03\/serramenti-pvc-portoncino-379x379.png 379w, https:\/\/www.seimmserramenti.it\/wp-content\/uploads\/2020\/03\/serramenti-pvc-portoncino-569x569.png 569w\" loading=\"eager\" style=\"--ratio: 379 \/ 379\" sizes=\"(max-width: 379px) 100vw, 379px\" alt=\"\" width=\"379\" height=\"379\"  \/><span class=\"gallery-rollover\"><span class=\"gallery-zoom-ico icomoon-the7-font-the7-zoom-06\"><span><\/span><\/span><\/span><\/a><\/figure><\/div><div class=\"wf-cell iso-item\" data-post-id=\"1979\" data-date=\"2020-03-13T11:22:51+01:00\" data-name=\"Serramenti PVC Seimm\"><figure class=\"post visible\"><a href=\"https:\/\/www.seimmserramenti.it\/wp-content\/uploads\/2020\/03\/serramenti-pvc-M76.jpg\" class=\"rollover dt-pswp-item layzr-bg\" data-large_image_width=\"1181\" data-large_image_height=\"1181\" data-dt-img-description=\"\" title=\"Serramenti PVC Seimm\"><img decoding=\"async\" class=\"preload-me iso-lazy-load aspect\" src=\"data:image\/svg+xml,%3Csvg%20xmlns%3D&#39;http%3A%2F%2Fwww.w3.org%2F2000%2Fsvg&#39;%20viewBox%3D&#39;0%200%20379%20379&#39;%2F%3E\" data-src=\"https:\/\/www.seimmserramenti.it\/wp-content\/uploads\/2020\/03\/serramenti-pvc-M76-379x379.jpg\" data-srcset=\"https:\/\/www.seimmserramenti.it\/wp-content\/uploads\/2020\/03\/serramenti-pvc-M76-379x379.jpg 379w, https:\/\/www.seimmserramenti.it\/wp-content\/uploads\/2020\/03\/serramenti-pvc-M76-569x569.jpg 569w\" loading=\"eager\" style=\"--ratio: 379 \/ 379\" sizes=\"(max-width: 379px) 100vw, 379px\" alt=\"\" width=\"379\" height=\"379\"  \/><span class=\"gallery-rollover\"><span class=\"gallery-zoom-ico icomoon-the7-font-the7-zoom-06\"><span><\/span><\/span><\/span><\/a><\/figure><\/div><div class=\"wf-cell iso-item\" data-post-id=\"1983\" data-date=\"2020-03-13T11:22:52+01:00\" data-name=\"Serramenti PVC Seimm alluminio\"><figure class=\"post visible\"><a href=\"https:\/\/www.seimmserramenti.it\/wp-content\/uploads\/2020\/03\/serramenti-pvc-alluminio.jpg\" class=\"rollover dt-pswp-item layzr-bg\" data-large_image_width=\"1181\" data-large_image_height=\"1181\" data-dt-img-description=\"\" title=\"Serramenti PVC Seimm alluminio\"><img decoding=\"async\" class=\"preload-me iso-lazy-load aspect\" src=\"data:image\/svg+xml,%3Csvg%20xmlns%3D&#39;http%3A%2F%2Fwww.w3.org%2F2000%2Fsvg&#39;%20viewBox%3D&#39;0%200%20379%20379&#39;%2F%3E\" data-src=\"https:\/\/www.seimmserramenti.it\/wp-content\/uploads\/2020\/03\/serramenti-pvc-alluminio-379x379.jpg\" data-srcset=\"https:\/\/www.seimmserramenti.it\/wp-content\/uploads\/2020\/03\/serramenti-pvc-alluminio-379x379.jpg 379w, https:\/\/www.seimmserramenti.it\/wp-content\/uploads\/2020\/03\/serramenti-pvc-alluminio-569x569.jpg 569w\" loading=\"eager\" style=\"--ratio: 379 \/ 379\" sizes=\"(max-width: 379px) 100vw, 379px\" alt=\"\" width=\"379\" height=\"379\"  \/><span class=\"gallery-rollover\"><span class=\"gallery-zoom-ico icomoon-the7-font-the7-zoom-06\"><span><\/span><\/span><\/span><\/a><\/figure><\/div><div class=\"wf-cell iso-item\" data-post-id=\"1987\" data-date=\"2020-03-13T11:22:53+01:00\" data-name=\"Serramenti PVC Seimm\"><figure class=\"post visible\"><a href=\"https:\/\/www.seimmserramenti.it\/wp-content\/uploads\/2020\/03\/serramenti-pvc-76.jpg\" class=\"rollover dt-pswp-item layzr-bg\" data-large_image_width=\"1181\" data-large_image_height=\"1181\" data-dt-img-description=\"\" title=\"Serramenti PVC Seimm\"><img decoding=\"async\" class=\"preload-me iso-lazy-load aspect\" src=\"data:image\/svg+xml,%3Csvg%20xmlns%3D&#39;http%3A%2F%2Fwww.w3.org%2F2000%2Fsvg&#39;%20viewBox%3D&#39;0%200%20379%20379&#39;%2F%3E\" data-src=\"https:\/\/www.seimmserramenti.it\/wp-content\/uploads\/2020\/03\/serramenti-pvc-76-379x379.jpg\" data-srcset=\"https:\/\/www.seimmserramenti.it\/wp-content\/uploads\/2020\/03\/serramenti-pvc-76-379x379.jpg 379w, https:\/\/www.seimmserramenti.it\/wp-content\/uploads\/2020\/03\/serramenti-pvc-76-569x569.jpg 569w\" loading=\"eager\" style=\"--ratio: 379 \/ 379\" sizes=\"(max-width: 379px) 100vw, 379px\" alt=\"\" width=\"379\" height=\"379\"  \/><span class=\"gallery-rollover\"><span class=\"gallery-zoom-ico icomoon-the7-font-the7-zoom-06\"><span><\/span><\/span><\/span><\/a><\/figure><\/div><\/div><!-- iso-container|iso-grid --><\/div>[vc_empty_space height=\u00a0\u00bb60px\u00a0\u00bb][\/vc_column][\/vc_row][vc_row bg_type=\u00a0\u00bbimage\u00a0\u00bb parallax_style=\u00a0\u00bbvcpb-default\u00a0\u00bb bg_image_new=\u00a0\u00bbid^1261|url^https:\/\/www.seimmserramenti.it\/wp-content\/uploads\/2020\/02\/seimm-pre-footer.jpg|caption^null|alt^null|title^seimm-pre-footer|description^null\u00a0\u00bb bg_image_repeat=\u00a0\u00bbno-repeat\u00a0\u00bb bg_override=\u00a0\u00bbfull\u00a0\u00bb enable_overlay=\u00a0\u00bbenable_overlay_value\u00a0\u00bb overlay_color=\u00a0\u00bbrgba(0,0,0,0.5)\u00a0\u00bb type=\u00a0\u00bbvc_default\u00a0\u00bb css=\u00a0\u00bb.vc_custom_1580892276740{padding-top: 70px !important;padding-bottom: 80px !important;}\u00a0\u00bb][vc_column width=\u00a0\u00bb2\/3&Prime;]<div id=\"ultimate-heading-244169f4a0a31a514\" class=\"uvc-heading ult-adjust-bottom-margin ultimate-heading-244169f4a0a31a514 uvc-9517 \" data-hspacer=\"no_spacer\"  data-halign=\"left\" style=\"text-align:left\"><div class=\"uvc-heading-spacer no_spacer\" style=\"top\"><\/div><div class=\"uvc-main-heading ult-responsive\"  data-ultimate-target='.uvc-heading.ultimate-heading-244169f4a0a31a514 h2'  data-responsive-json-new='{\"font-size\":\"desktop:32px;\",\"line-height\":\"desktop:42px;\"}' ><h2 style=\"font-weight:bold;color:#ffffff;margin-bottom:20px;\">Devis et informations<\/h2><\/div><div class=\"uvc-sub-heading ult-responsive\"  data-ultimate-target='.uvc-heading.ultimate-heading-244169f4a0a31a514 .uvc-sub-heading '  data-responsive-json-new='{\"font-size\":\"desktop:18px;\",\"line-height\":\"desktop:30px;\"}'  style=\"font-weight:normal;color:#ffffff;margin-bottom:30px;\">Pour devis et informations contactez-nous!<br \/>\nVous serez contact\u00e9 par des techniciens qualifi\u00e9s pour une \u00e9valuation sans engagement.<\/div><\/div><style type=\"text\/css\" data-type=\"the7_shortcodes-inline-css\">#default-btn-dc883b52a63ef170d463dd97c174b5fd.ico-right-side > i {\n  margin-right: 0px;\n  margin-left: 8px;\n}\n#default-btn-dc883b52a63ef170d463dd97c174b5fd > i {\n  margin-right: 8px;\n}<\/style><a href=\"https:\/\/www.seimmserramenti.it\/fr\/coordonnees-et-informations\/\" class=\"default-btn-shortcode dt-btn dt-btn-m link-hover-off btn-inline-left \" id=\"default-btn-dc883b52a63ef170d463dd97c174b5fd\" title=\"Contatti e informazioni\"><span>Contactez-nous<\/span><\/a>[\/vc_column][\/vc_row]<\/p>\n<\/div>","protected":false},"excerpt":{"rendered":"<p>[vc_row][vc_column][\/vc_column][\/vc_row][vc_row type=\u00a0\u00bbvc_default\u00a0\u00bb margin_top=\u00a0\u00bb5&Prime; margin_bottom=\u00a0\u00bb15&Prime; css=\u00a0\u00bb.vc_custom_1493829267800{padding-top: 70px !important;}\u00a0\u00bb][vc_column offset=\u00a0\u00bbvc_col-lg-6 vc_col-md-6 vc_col-xs-12&Prime; css=\u00a0\u00bb.vc_custom_1493829169670{padding-bottom: 70px !important;}\u00a0\u00bb][\/vc_column][vc_column offset=\u00a0\u00bbvc_col-lg-6 vc_col-md-6 vc_col-xs-12&Prime; css=\u00a0\u00bb.vc_custom_1493829183360{padding-bottom: 70px !important;}\u00a0\u00bb][vc_column_text]L&rsquo;excellence italienne sans compromis de la s\u00e9rie K70. Un concentr\u00e9 de polyvalence et de commodit\u00e9 qui combine les excellentes performances du PVC avec les besoins de style et de raffinement de la maison. La s\u00e9rie K70 est&hellip;<\/p>\n","protected":false},"author":1,"featured_media":0,"parent":2292,"menu_order":1,"comment_status":"closed","ping_status":"closed","template":"","meta":{"footnotes":""},"class_list":["post-2315","page","type-page","status-publish","hentry","description-off"],"yoast_head":"<!-- This site is optimized with the Yoast SEO plugin v27.4 - https:\/\/yoast.com\/product\/yoast-seo-wordpress\/ -->\n<title>Fen\u00eatres pvc - Seimm Serramenti<\/title>\n<meta name=\"description\" content=\"Serramenti in PVC Seimm\" \/>\n<meta name=\"robots\" content=\"index, follow, max-snippet:-1, max-image-preview:large, max-video-preview:-1\" \/>\n<link rel=\"canonical\" href=\"https:\/\/www.seimmserramenti.it\/fr\/produits-serramenti-seimm\/les-fenetres\/fenetres-pvc\/\" \/>\n<meta property=\"og:locale\" content=\"fr_FR\" \/>\n<meta property=\"og:type\" content=\"article\" \/>\n<meta property=\"og:title\" content=\"Fen\u00eatres pvc - Seimm Serramenti\" \/>\n<meta property=\"og:description\" content=\"Serramenti in PVC Seimm\" \/>\n<meta property=\"og:url\" content=\"https:\/\/www.seimmserramenti.it\/fr\/produits-serramenti-seimm\/les-fenetres\/fenetres-pvc\/\" \/>\n<meta property=\"og:site_name\" content=\"Seimm Serramenti\" \/>\n<meta property=\"article:modified_time\" content=\"2023-09-07T15:30:17+00:00\" \/>\n<meta name=\"twitter:card\" content=\"summary_large_image\" \/>\n<meta name=\"twitter:label1\" content=\"Dur\u00e9e de lecture estim\u00e9e\" \/>\n\t<meta name=\"twitter:data1\" content=\"2 minutes\" \/>\n<script type=\"application\/ld+json\" class=\"yoast-schema-graph\">{\"@context\":\"https:\\\/\\\/schema.org\",\"@graph\":[{\"@type\":\"WebPage\",\"@id\":\"https:\\\/\\\/www.seimmserramenti.it\\\/fr\\\/produits-serramenti-seimm\\\/les-fenetres\\\/fenetres-pvc\\\/\",\"url\":\"https:\\\/\\\/www.seimmserramenti.it\\\/fr\\\/produits-serramenti-seimm\\\/les-fenetres\\\/fenetres-pvc\\\/\",\"name\":\"Fen\u00eatres pvc - Seimm Serramenti\",\"isPartOf\":{\"@id\":\"https:\\\/\\\/www.seimmserramenti.it\\\/fr\\\/#website\"},\"datePublished\":\"2020-03-03T10:03:26+00:00\",\"dateModified\":\"2023-09-07T15:30:17+00:00\",\"description\":\"Serramenti in PVC Seimm\",\"breadcrumb\":{\"@id\":\"https:\\\/\\\/www.seimmserramenti.it\\\/fr\\\/produits-serramenti-seimm\\\/les-fenetres\\\/fenetres-pvc\\\/#breadcrumb\"},\"inLanguage\":\"fr-FR\",\"potentialAction\":[{\"@type\":\"ReadAction\",\"target\":[\"https:\\\/\\\/www.seimmserramenti.it\\\/fr\\\/produits-serramenti-seimm\\\/les-fenetres\\\/fenetres-pvc\\\/\"]}]},{\"@type\":\"BreadcrumbList\",\"@id\":\"https:\\\/\\\/www.seimmserramenti.it\\\/fr\\\/produits-serramenti-seimm\\\/les-fenetres\\\/fenetres-pvc\\\/#breadcrumb\",\"itemListElement\":[{\"@type\":\"ListItem\",\"position\":1,\"name\":\"Home\",\"item\":\"https:\\\/\\\/www.seimmserramenti.it\\\/fr\\\/\"},{\"@type\":\"ListItem\",\"position\":2,\"name\":\"Produits de Seimm Serramenti\",\"item\":\"https:\\\/\\\/www.seimmserramenti.it\\\/fr\\\/produits-serramenti-seimm\\\/\"},{\"@type\":\"ListItem\",\"position\":3,\"name\":\"Les fen\u00eatres\",\"item\":\"https:\\\/\\\/www.seimmserramenti.it\\\/fr\\\/produits-serramenti-seimm\\\/les-fenetres\\\/\"},{\"@type\":\"ListItem\",\"position\":4,\"name\":\"Fen\u00eatres pvc\"}]},{\"@type\":\"WebSite\",\"@id\":\"https:\\\/\\\/www.seimmserramenti.it\\\/fr\\\/#website\",\"url\":\"https:\\\/\\\/www.seimmserramenti.it\\\/fr\\\/\",\"name\":\"Seimm Serramenti\",\"description\":\"La sicurezza fatta a deisgn\",\"potentialAction\":[{\"@type\":\"SearchAction\",\"target\":{\"@type\":\"EntryPoint\",\"urlTemplate\":\"https:\\\/\\\/www.seimmserramenti.it\\\/fr\\\/?s={search_term_string}\"},\"query-input\":{\"@type\":\"PropertyValueSpecification\",\"valueRequired\":true,\"valueName\":\"search_term_string\"}}],\"inLanguage\":\"fr-FR\"}]}<\/script>\n<!-- \/ Yoast SEO plugin. -->","yoast_head_json":{"title":"Fen\u00eatres pvc - Seimm Serramenti","description":"Serramenti in PVC Seimm","robots":{"index":"index","follow":"follow","max-snippet":"max-snippet:-1","max-image-preview":"max-image-preview:large","max-video-preview":"max-video-preview:-1"},"canonical":"https:\/\/www.seimmserramenti.it\/fr\/produits-serramenti-seimm\/les-fenetres\/fenetres-pvc\/","og_locale":"fr_FR","og_type":"article","og_title":"Fen\u00eatres pvc - Seimm Serramenti","og_description":"Serramenti in PVC Seimm","og_url":"https:\/\/www.seimmserramenti.it\/fr\/produits-serramenti-seimm\/les-fenetres\/fenetres-pvc\/","og_site_name":"Seimm Serramenti","article_modified_time":"2023-09-07T15:30:17+00:00","twitter_card":"summary_large_image","twitter_misc":{"Dur\u00e9e de lecture estim\u00e9e":"2 minutes"},"schema":{"@context":"https:\/\/schema.org","@graph":[{"@type":"WebPage","@id":"https:\/\/www.seimmserramenti.it\/fr\/produits-serramenti-seimm\/les-fenetres\/fenetres-pvc\/","url":"https:\/\/www.seimmserramenti.it\/fr\/produits-serramenti-seimm\/les-fenetres\/fenetres-pvc\/","name":"Fen\u00eatres pvc - Seimm Serramenti","isPartOf":{"@id":"https:\/\/www.seimmserramenti.it\/fr\/#website"},"datePublished":"2020-03-03T10:03:26+00:00","dateModified":"2023-09-07T15:30:17+00:00","description":"Serramenti in PVC Seimm","breadcrumb":{"@id":"https:\/\/www.seimmserramenti.it\/fr\/produits-serramenti-seimm\/les-fenetres\/fenetres-pvc\/#breadcrumb"},"inLanguage":"fr-FR","potentialAction":[{"@type":"ReadAction","target":["https:\/\/www.seimmserramenti.it\/fr\/produits-serramenti-seimm\/les-fenetres\/fenetres-pvc\/"]}]},{"@type":"BreadcrumbList","@id":"https:\/\/www.seimmserramenti.it\/fr\/produits-serramenti-seimm\/les-fenetres\/fenetres-pvc\/#breadcrumb","itemListElement":[{"@type":"ListItem","position":1,"name":"Home","item":"https:\/\/www.seimmserramenti.it\/fr\/"},{"@type":"ListItem","position":2,"name":"Produits de Seimm Serramenti","item":"https:\/\/www.seimmserramenti.it\/fr\/produits-serramenti-seimm\/"},{"@type":"ListItem","position":3,"name":"Les fen\u00eatres","item":"https:\/\/www.seimmserramenti.it\/fr\/produits-serramenti-seimm\/les-fenetres\/"},{"@type":"ListItem","position":4,"name":"Fen\u00eatres pvc"}]},{"@type":"WebSite","@id":"https:\/\/www.seimmserramenti.it\/fr\/#website","url":"https:\/\/www.seimmserramenti.it\/fr\/","name":"Seimm Serramenti","description":"La sicurezza fatta a deisgn","potentialAction":[{"@type":"SearchAction","target":{"@type":"EntryPoint","urlTemplate":"https:\/\/www.seimmserramenti.it\/fr\/?s={search_term_string}"},"query-input":{"@type":"PropertyValueSpecification","valueRequired":true,"valueName":"search_term_string"}}],"inLanguage":"fr-FR"}]}},"_links":{"self":[{"href":"https:\/\/www.seimmserramenti.it\/fr\/wp-json\/wp\/v2\/pages\/2315","targetHints":{"allow":["GET"]}}],"collection":[{"href":"https:\/\/www.seimmserramenti.it\/fr\/wp-json\/wp\/v2\/pages"}],"about":[{"href":"https:\/\/www.seimmserramenti.it\/fr\/wp-json\/wp\/v2\/types\/page"}],"author":[{"embeddable":true,"href":"https:\/\/www.seimmserramenti.it\/fr\/wp-json\/wp\/v2\/users\/1"}],"replies":[{"embeddable":true,"href":"https:\/\/www.seimmserramenti.it\/fr\/wp-json\/wp\/v2\/comments?post=2315"}],"version-history":[{"count":4,"href":"https:\/\/www.seimmserramenti.it\/fr\/wp-json\/wp\/v2\/pages\/2315\/revisions"}],"predecessor-version":[{"id":2431,"href":"https:\/\/www.seimmserramenti.it\/fr\/wp-json\/wp\/v2\/pages\/2315\/revisions\/2431"}],"up":[{"embeddable":true,"href":"https:\/\/www.seimmserramenti.it\/fr\/wp-json\/wp\/v2\/pages\/2292"}],"wp:attachment":[{"href":"https:\/\/www.seimmserramenti.it\/fr\/wp-json\/wp\/v2\/media?parent=2315"}],"curies":[{"name":"wp","href":"https:\/\/api.w.org\/{rel}","templated":true}]}}