{"id":2268,"date":"2020-03-03T11:13:13","date_gmt":"2020-03-03T10:13:13","guid":{"rendered":"https:\/\/www.seimmserramenti.it\/frangisole-persiane-avvolgibili-zanzariere\/"},"modified":"2023-09-07T17:13:24","modified_gmt":"2023-09-07T15:13:24","slug":"brise-soleil-volets-roulants-moustiquaires","status":"publish","type":"page","link":"https:\/\/www.seimmserramenti.it\/fr\/produits-serramenti-seimm\/complements\/brise-soleil-volets-roulants-moustiquaires\/","title":{"rendered":"Brise-soleil-volets roulants-moustiquaires"},"content":{"rendered":"<div class=\"wpb-content-wrapper\"><p>[vc_row][vc_column]<div id=\"ultimate-heading-563669f492e32ee2b\" class=\"uvc-heading ult-adjust-bottom-margin ultimate-heading-563669f492e32ee2b uvc-3629 accent-border-color\" data-hspacer=\"line_only\"  data-halign=\"left\" style=\"text-align:left\"><div class=\"uvc-main-heading ult-responsive\"  data-ultimate-target='.uvc-heading.ultimate-heading-563669f492e32ee2b h2'  data-responsive-json-new='{\"font-size\":\"desktop:26px;\",\"line-height\":\"desktop:36px;\"}' ><h2 style=\"font-weight:bold;margin-top:50px;\">Brise-soleil- volets roulants- moustiquaires<\/h2><\/div><div class=\"uvc-heading-spacer line_only\" style=\"margin-top:15px;margin-bottom:10px;height:4px;\"><span class=\"uvc-headings-line\" style=\"border-style:solid;border-bottom-width:4px;border-color:;width:50px;\"><\/span><\/div><\/div>[\/vc_column][\/vc_row][vc_row type=\u00a0\u00bbvc_default\u00a0\u00bb margin_top=\u00a0\u00bb5&Prime; margin_bottom=\u00a0\u00bb15&Prime; css=\u00a0\u00bb.vc_custom_1493829267800{padding-top: 70px !important;}\u00a0\u00bb][vc_column offset=\u00a0\u00bbvc_col-lg-6 vc_col-md-6 vc_col-xs-12&Prime; css=\u00a0\u00bb.vc_custom_1493829169670{padding-bottom: 70px !important;}\u00a0\u00bb]<style type=\"text\/css\" data-type=\"the7_shortcodes-inline-css\">.shortcode-single-image-wrap.shortcode-single-image-7b24454d039e79daf1bdacb600c44ce7.enable-bg-rollover .rollover i,\n.shortcode-single-image-wrap.shortcode-single-image-7b24454d039e79daf1bdacb600c44ce7.enable-bg-rollover .rollover-video i {\n  background: -webkit-linear-gradient();\n  background: linear-gradient();\n}\n.shortcode-single-image-wrap.shortcode-single-image-7b24454d039e79daf1bdacb600c44ce7 .rollover-icon {\n  font-size: 32px;\n  color: #ffffff;\n  min-width: 44px;\n  min-height: 44px;\n  line-height: 44px;\n  border-radius: 100px;\n  border-style: solid;\n  border-width: 0px;\n}\n.dt-icon-bg-on.shortcode-single-image-wrap.shortcode-single-image-7b24454d039e79daf1bdacb600c44ce7 .rollover-icon {\n  background: rgba(255,255,255,0.3);\n  box-shadow: none;\n}<\/style><div class=\"shortcode-single-image-wrap shortcode-single-image-7b24454d039e79daf1bdacb600c44ce7 alignnone  vc_custom_1584184309661 enable-bg-rollover dt-icon-bg-off\" ><div class=\"shortcode-single-image\"><div class=\"fancy-media-wrap  layzr-bg\" style=\"\"><img fetchpriority=\"high\" decoding=\"async\" class=\"preload-me lazy-load aspect\" src=\"data:image\/svg+xml,%3Csvg%20xmlns%3D&#39;http%3A%2F%2Fwww.w3.org%2F2000%2Fsvg&#39;%20viewBox%3D&#39;0%200%201000%20600&#39;%2F%3E\" data-src=\"https:\/\/www.seimmserramenti.it\/wp-content\/uploads\/2020\/03\/frangisole-persiane-1000x600.jpg\" data-srcset=\"https:\/\/www.seimmserramenti.it\/wp-content\/uploads\/2020\/03\/frangisole-persiane-1000x600.jpg 1000w, https:\/\/www.seimmserramenti.it\/wp-content\/uploads\/2020\/03\/frangisole-persiane-1232x739.jpg 1232w\" loading=\"eager\" sizes=\"(max-width: 1000px) 100vw, 1000px\" width=\"1000\" height=\"600\"  data-dt-location=\"https:\/\/www.seimmserramenti.it\/fr\/prodotti-serramenti-seimm\/frangisole-persiane\/\" style=\"--ratio: 1000 \/ 600;\" alt=\"Frangisole persiane Seimm serramenti\" \/><\/div><\/div><\/div>[\/vc_column][vc_column offset=\u00a0\u00bbvc_col-lg-6 vc_col-md-6 vc_col-xs-12&Prime; css=\u00a0\u00bb.vc_custom_1493829183360{padding-bottom: 70px !important;}\u00a0\u00bb][vc_column_text]PARASOLS MOTORIS\u00c9S : Parasols qui, selon la position du soleil, peuvent guider la lumi\u00e8re naturelle dans l&rsquo;espace. Ils peuvent s&rsquo;\u00e9clairer ou s&rsquo;assombrir selon les besoins, vous pouvez d\u00e9cider de laisser entrer le plus de lumi\u00e8re possible sans renoncer \u00e0 l&rsquo;intimit\u00e9. Large gamme de mod\u00e8les : enti\u00e8rement m\u00e9talliques sans liaisons visibles entre les lames, ou avec des lames reli\u00e9es entre elles par des c\u00e2bles r\u00e9sistants presque imperceptibles.<\/p>\n<p>VOLETS ET VOLETS : Volets et volets en bois ou aluminium, finitions bois, d\u00e9tails \u00e9maill\u00e9s ou d\u00e9cor\u00e9s RAL. Mod\u00e8les \u00e0 brancher au mur avec du mortier chimique ou ancr\u00e9s \u00e0 un cadre p\u00e9rim\u00e9trique qui suit le bord du mur.<\/p>\n<p>VOLETS ROULANTS et COFFRETS : Stores \u00e0 enroulement en aluminium, PVC ou acier, \u00e0 commande manuelle ou motoris\u00e9e. Large gamme de couleurs et de mod\u00e8les similaires au bois ou couleur unie RAL. Montage possible sur de nouvelles constructions \u00e9galement avec bacs isothermes pour un maximum d&rsquo;\u00e9conomies d&rsquo;\u00e9nergie.<\/p>\n<p>MOUSTIQUAIRES : Moustiquaires verticales pour fen\u00eatres et portes coulissantes horizontales ; large gamme de couleurs et de mod\u00e8les, montage mural ext\u00e9rieur ou montage encastr\u00e9 au ras de la fen\u00eatre.[\/vc_column_text][\/vc_column][\/vc_row][vc_row][vc_column]<style type=\"text\/css\" data-type=\"the7_shortcodes-inline-css\">.gallery-shortcode.gallery-masonry-shortcode-id-343f0bc57a112d561e9b673e4233fa19 figure,\n.gallery-shortcode.gallery-masonry-shortcode-id-343f0bc57a112d561e9b673e4233fa19 .rollover,\n.gallery-shortcode.gallery-masonry-shortcode-id-343f0bc57a112d561e9b673e4233fa19 img,\n.gallery-shortcode.gallery-masonry-shortcode-id-343f0bc57a112d561e9b673e4233fa19 .gallery-rollover {\n  border-radius: 0px;\n}\n.gallery-shortcode.gallery-masonry-shortcode-id-343f0bc57a112d561e9b673e4233fa19.enable-bg-rollover .gallery-rollover {\n  background: -webkit-linear-gradient();\n  background: linear-gradient();\n}\n.gallery-shortcode.gallery-masonry-shortcode-id-343f0bc57a112d561e9b673e4233fa19.enable-bg-rollover.hover-scale figure .rollover:after {\n  background: -webkit-linear-gradient();\n  background: linear-gradient();\n}\n.gallery-shortcode.gallery-masonry-shortcode-id-343f0bc57a112d561e9b673e4233fa19 .gallery-zoom-ico {\n  width: 44px;\n  height: 44px;\n  line-height: 44px;\n  border-radius: 100px;\n  margin: -22px 0 0 -22px;\n  border-width: 0px;\n  color: #ffffff;\n}\n.dt-icon-bg-on.gallery-shortcode.gallery-masonry-shortcode-id-343f0bc57a112d561e9b673e4233fa19 .gallery-zoom-ico {\n  background: rgba(255,255,255,0.3);\n  box-shadow: none;\n}\n.gallery-shortcode.gallery-masonry-shortcode-id-343f0bc57a112d561e9b673e4233fa19 .gallery-zoom-ico:before,\n.gallery-shortcode.gallery-masonry-shortcode-id-343f0bc57a112d561e9b673e4233fa19 .gallery-zoom-ico span {\n  font-size: 32px;\n  line-height: 44px;\n  color: #ffffff;\n}\n.gallery-shortcode.gallery-masonry-shortcode-id-343f0bc57a112d561e9b673e4233fa19:not(.resize-by-browser-width) .dt-css-grid {\n  grid-row-gap: 10px;\n  grid-column-gap: 10px;\n  grid-template-columns: repeat(auto-fill,minmax(,1fr));\n}\n.gallery-shortcode.gallery-masonry-shortcode-id-343f0bc57a112d561e9b673e4233fa19:not(.resize-by-browser-width) .dt-css-grid .double-width {\n  grid-column: span 2;\n}\n.cssgridlegacy.no-cssgrid .gallery-shortcode.gallery-masonry-shortcode-id-343f0bc57a112d561e9b673e4233fa19:not(.resize-by-browser-width) .dt-css-grid,\n.no-cssgridlegacy.no-cssgrid .gallery-shortcode.gallery-masonry-shortcode-id-343f0bc57a112d561e9b673e4233fa19:not(.resize-by-browser-width) .dt-css-grid {\n  display: flex;\n  flex-flow: row wrap;\n  margin: -5px;\n}\n.cssgridlegacy.no-cssgrid .gallery-shortcode.gallery-masonry-shortcode-id-343f0bc57a112d561e9b673e4233fa19:not(.resize-by-browser-width) .dt-css-grid .wf-cell,\n.no-cssgridlegacy.no-cssgrid .gallery-shortcode.gallery-masonry-shortcode-id-343f0bc57a112d561e9b673e4233fa19:not(.resize-by-browser-width) .dt-css-grid .wf-cell {\n  flex: 1 0 ;\n  max-width: 100%;\n  padding: 5px;\n  box-sizing: border-box;\n}\n.gallery-shortcode.gallery-masonry-shortcode-id-343f0bc57a112d561e9b673e4233fa19.resize-by-browser-width .dt-css-grid {\n  grid-template-columns: repeat(6,1fr);\n  grid-template-rows: auto;\n  grid-column-gap: 10px;\n  grid-row-gap: 10px;\n}\n.gallery-shortcode.gallery-masonry-shortcode-id-343f0bc57a112d561e9b673e4233fa19.resize-by-browser-width .dt-css-grid .double-width {\n  grid-column: span 2;\n}\n.cssgridlegacy.no-cssgrid .gallery-shortcode.gallery-masonry-shortcode-id-343f0bc57a112d561e9b673e4233fa19.resize-by-browser-width .dt-css-grid {\n  margin: -5px;\n}\n.cssgridlegacy.no-cssgrid .gallery-shortcode.gallery-masonry-shortcode-id-343f0bc57a112d561e9b673e4233fa19.resize-by-browser-width .dt-css-grid .wf-cell {\n  width: 16.666666666667%;\n  padding: 5px;\n}\n.cssgridlegacy.no-cssgrid .gallery-shortcode.gallery-masonry-shortcode-id-343f0bc57a112d561e9b673e4233fa19.resize-by-browser-width .dt-css-grid .wf-cell.double-width {\n  width: calc(16.666666666667%) * 2;\n}\n.gallery-shortcode.gallery-masonry-shortcode-id-343f0bc57a112d561e9b673e4233fa19.resize-by-browser-width:not(.centered-layout-list):not(.content-bg-on) .dt-css-grid {\n  grid-row-gap: 10px - ;\n}\n@media screen and (max-width: 1199px) {\n  .gallery-shortcode.gallery-masonry-shortcode-id-343f0bc57a112d561e9b673e4233fa19.resize-by-browser-width .dt-css-grid {\n    grid-template-columns: repeat(4,1fr);\n  }\n  .cssgridlegacy.no-cssgrid .gallery-shortcode.gallery-masonry-shortcode-id-343f0bc57a112d561e9b673e4233fa19.resize-by-browser-width .dt-css-grid .wf-cell,\n  .no-cssgridlegacy.no-cssgrid .gallery-shortcode.gallery-masonry-shortcode-id-343f0bc57a112d561e9b673e4233fa19.resize-by-browser-width .dt-css-grid .wf-cell {\n    width: 25%;\n  }\n  .cssgridlegacy.no-cssgrid .gallery-shortcode.gallery-masonry-shortcode-id-343f0bc57a112d561e9b673e4233fa19.resize-by-browser-width .dt-css-grid .wf-cell.double-width,\n  .no-cssgridlegacy.no-cssgrid .gallery-shortcode.gallery-masonry-shortcode-id-343f0bc57a112d561e9b673e4233fa19.resize-by-browser-width .dt-css-grid .wf-cell.double-width {\n    width: calc(25%)*2;\n  }\n}\n@media screen and (max-width: 991px) {\n  .gallery-shortcode.gallery-masonry-shortcode-id-343f0bc57a112d561e9b673e4233fa19.resize-by-browser-width .dt-css-grid {\n    grid-template-columns: repeat(3,1fr);\n  }\n  .cssgridlegacy.no-cssgrid .gallery-shortcode.gallery-masonry-shortcode-id-343f0bc57a112d561e9b673e4233fa19.resize-by-browser-width .dt-css-grid .wf-cell,\n  .no-cssgridlegacy.no-cssgrid .gallery-shortcode.gallery-masonry-shortcode-id-343f0bc57a112d561e9b673e4233fa19.resize-by-browser-width .dt-css-grid .wf-cell {\n    width: 33.333333333333%;\n  }\n  .cssgridlegacy.no-cssgrid .gallery-shortcode.gallery-masonry-shortcode-id-343f0bc57a112d561e9b673e4233fa19.resize-by-browser-width .dt-css-grid .wf-cell.double-width,\n  .no-cssgridlegacy.no-cssgrid .gallery-shortcode.gallery-masonry-shortcode-id-343f0bc57a112d561e9b673e4233fa19.resize-by-browser-width .dt-css-grid .wf-cell.double-width {\n    width: calc(33.333333333333%)*2;\n  }\n}\n@media screen and (max-width: 767px) {\n  .gallery-shortcode.gallery-masonry-shortcode-id-343f0bc57a112d561e9b673e4233fa19.resize-by-browser-width .dt-css-grid {\n    grid-template-columns: repeat(2,1fr);\n  }\n  .cssgridlegacy.no-cssgrid .gallery-shortcode.gallery-masonry-shortcode-id-343f0bc57a112d561e9b673e4233fa19.resize-by-browser-width .dt-css-grid .wf-cell,\n  .no-cssgridlegacy.no-cssgrid .gallery-shortcode.gallery-masonry-shortcode-id-343f0bc57a112d561e9b673e4233fa19.resize-by-browser-width .dt-css-grid .wf-cell {\n    width: 50%;\n  }\n  .cssgridlegacy.no-cssgrid .gallery-shortcode.gallery-masonry-shortcode-id-343f0bc57a112d561e9b673e4233fa19.resize-by-browser-width .dt-css-grid .wf-cell.double-width,\n  .no-cssgridlegacy.no-cssgrid .gallery-shortcode.gallery-masonry-shortcode-id-343f0bc57a112d561e9b673e4233fa19.resize-by-browser-width .dt-css-grid .wf-cell.double-width {\n    width: calc(50%)*2;\n  }\n}<\/style><div class=\"gallery-shortcode dt-gallery-container gallery-masonry-shortcode-id-343f0bc57a112d561e9b673e4233fa19 mode-grid jquery-filter dt-icon-bg-off quick-scale-img dt-css-grid-wrap enable-bg-rollover resize-by-browser-width  hover-fade loading-effect-none description-on-hover\" data-padding=\"5px\" data-cur-page=\"1\" data-post-limit=\"-1\" data-pagination-mode=\"none\" data-desktop-columns-num=\"6\" data-v-tablet-columns-num=\"3\" data-h-tablet-columns-num=\"4\" data-phone-columns-num=\"2\" data-width=\"0px\" data-columns=\"0\"><div class=\"dt-css-grid\" ><div class=\"wf-cell\" data-post-id=\"1997\" data-date=\"2020-03-13T12:21:58+01:00\" data-name=\"Serramenti Alluminio Seimm\"><figure class=\"post visible\"><a href=\"https:\/\/www.seimmserramenti.it\/wp-content\/uploads\/2020\/03\/serramenti-alluminio-seimm.jpg\" class=\"rollover dt-pswp-item layzr-bg\" data-large_image_width=\"1309\" data-large_image_height=\"1028\" data-dt-img-description=\"\" title=\"Serramenti Alluminio Seimm\"><img decoding=\"async\" class=\"preload-me iso-lazy-load aspect\" src=\"data:image\/svg+xml,%3Csvg%20xmlns%3D&#39;http%3A%2F%2Fwww.w3.org%2F2000%2Fsvg&#39;%20viewBox%3D&#39;0%200%20379%20379&#39;%2F%3E\" data-src=\"https:\/\/www.seimmserramenti.it\/wp-content\/uploads\/2020\/03\/serramenti-alluminio-seimm-379x379.jpg\" data-srcset=\"https:\/\/www.seimmserramenti.it\/wp-content\/uploads\/2020\/03\/serramenti-alluminio-seimm-379x379.jpg 379w, https:\/\/www.seimmserramenti.it\/wp-content\/uploads\/2020\/03\/serramenti-alluminio-seimm-569x569.jpg 569w\" loading=\"eager\" style=\"--ratio: 379 \/ 379\" sizes=\"(max-width: 379px) 100vw, 379px\" alt=\"\" width=\"379\" height=\"379\"  \/><span class=\"gallery-rollover\"><span class=\"gallery-zoom-ico icomoon-the7-font-the7-zoom-06\"><span><\/span><\/span><\/span><\/a><\/figure><\/div><div class=\"wf-cell\" data-post-id=\"1935\" data-date=\"2020-03-04T08:33:53+01:00\" data-name=\"Frangisole persiane Seimm serramenti\"><figure class=\"post visible\"><a href=\"https:\/\/www.seimmserramenti.it\/wp-content\/uploads\/2020\/03\/frangisole-persiane.jpg\" class=\"rollover dt-pswp-item layzr-bg\" data-large_image_width=\"1232\" data-large_image_height=\"816\" data-dt-img-description=\"\" title=\"Frangisole persiane Seimm serramenti\"><img decoding=\"async\" class=\"preload-me iso-lazy-load aspect\" src=\"data:image\/svg+xml,%3Csvg%20xmlns%3D&#39;http%3A%2F%2Fwww.w3.org%2F2000%2Fsvg&#39;%20viewBox%3D&#39;0%200%20379%20379&#39;%2F%3E\" data-src=\"https:\/\/www.seimmserramenti.it\/wp-content\/uploads\/2020\/03\/frangisole-persiane-379x379.jpg\" data-srcset=\"https:\/\/www.seimmserramenti.it\/wp-content\/uploads\/2020\/03\/frangisole-persiane-379x379.jpg 379w, https:\/\/www.seimmserramenti.it\/wp-content\/uploads\/2020\/03\/frangisole-persiane-569x569.jpg 569w\" loading=\"eager\" style=\"--ratio: 379 \/ 379\" sizes=\"(max-width: 379px) 100vw, 379px\" alt=\"\" width=\"379\" height=\"379\"  \/><span class=\"gallery-rollover\"><span class=\"gallery-zoom-ico icomoon-the7-font-the7-zoom-06\"><span><\/span><\/span><\/span><\/a><\/figure><\/div><div class=\"wf-cell\" data-post-id=\"2035\" data-date=\"2020-03-14T12:01:14+01:00\" data-name=\"Veranda Pvc con parasole Seimm\"><figure class=\"post visible\"><a href=\"https:\/\/www.seimmserramenti.it\/wp-content\/uploads\/2020\/03\/veranda-seimm.jpg\" class=\"rollover dt-pswp-item layzr-bg\" data-large_image_width=\"1160\" data-large_image_height=\"870\" data-dt-img-description=\"\" title=\"Veranda Pvc con parasole Seimm\"><img decoding=\"async\" class=\"preload-me iso-lazy-load aspect\" src=\"data:image\/svg+xml,%3Csvg%20xmlns%3D&#39;http%3A%2F%2Fwww.w3.org%2F2000%2Fsvg&#39;%20viewBox%3D&#39;0%200%20379%20379&#39;%2F%3E\" data-src=\"https:\/\/www.seimmserramenti.it\/wp-content\/uploads\/2020\/03\/veranda-seimm-379x379.jpg\" data-srcset=\"https:\/\/www.seimmserramenti.it\/wp-content\/uploads\/2020\/03\/veranda-seimm-379x379.jpg 379w, https:\/\/www.seimmserramenti.it\/wp-content\/uploads\/2020\/03\/veranda-seimm-569x569.jpg 569w\" loading=\"eager\" style=\"--ratio: 379 \/ 379\" sizes=\"(max-width: 379px) 100vw, 379px\" alt=\"\" width=\"379\" height=\"379\"  \/><span class=\"gallery-rollover\"><span class=\"gallery-zoom-ico icomoon-the7-font-the7-zoom-06\"><span><\/span><\/span><\/span><\/a><\/figure><\/div><div class=\"wf-cell\" data-post-id=\"2033\" data-date=\"2020-03-14T12:01:13+01:00\" data-name=\"Veranda Pvc con parasole Seimm\"><figure class=\"post visible\"><a href=\"https:\/\/www.seimmserramenti.it\/wp-content\/uploads\/2020\/03\/veranda-seimm-tenda-parasole.jpg\" class=\"rollover dt-pswp-item layzr-bg\" data-large_image_width=\"1160\" data-large_image_height=\"870\" data-dt-img-description=\"\" title=\"Veranda Pvc con parasole Seimm\"><img decoding=\"async\" class=\"preload-me iso-lazy-load aspect\" src=\"data:image\/svg+xml,%3Csvg%20xmlns%3D&#39;http%3A%2F%2Fwww.w3.org%2F2000%2Fsvg&#39;%20viewBox%3D&#39;0%200%20379%20379&#39;%2F%3E\" data-src=\"https:\/\/www.seimmserramenti.it\/wp-content\/uploads\/2020\/03\/veranda-seimm-tenda-parasole-379x379.jpg\" data-srcset=\"https:\/\/www.seimmserramenti.it\/wp-content\/uploads\/2020\/03\/veranda-seimm-tenda-parasole-379x379.jpg 379w, https:\/\/www.seimmserramenti.it\/wp-content\/uploads\/2020\/03\/veranda-seimm-tenda-parasole-569x569.jpg 569w\" loading=\"eager\" style=\"--ratio: 379 \/ 379\" sizes=\"(max-width: 379px) 100vw, 379px\" alt=\"\" width=\"379\" height=\"379\"  \/><span class=\"gallery-rollover\"><span class=\"gallery-zoom-ico icomoon-the7-font-the7-zoom-06\"><span><\/span><\/span><\/span><\/a><\/figure><\/div><\/div><!-- iso-container|iso-grid --><\/div>[vc_empty_space height=\u00a0\u00bb60px\u00a0\u00bb][\/vc_column][\/vc_row][vc_row bg_type=\u00a0\u00bbimage\u00a0\u00bb parallax_style=\u00a0\u00bbvcpb-default\u00a0\u00bb bg_image_new=\u00a0\u00bbid^1261|url^https:\/\/www.seimmserramenti.it\/wp-content\/uploads\/2020\/02\/seimm-pre-footer.jpg|caption^null|alt^null|title^seimm-pre-footer|description^null\u00a0\u00bb bg_image_repeat=\u00a0\u00bbno-repeat\u00a0\u00bb bg_override=\u00a0\u00bbfull\u00a0\u00bb enable_overlay=\u00a0\u00bbenable_overlay_value\u00a0\u00bb overlay_color=\u00a0\u00bbrgba(0,0,0,0.5)\u00a0\u00bb type=\u00a0\u00bbvc_default\u00a0\u00bb css=\u00a0\u00bb.vc_custom_1580892276740{padding-top: 70px !important;padding-bottom: 80px !important;}\u00a0\u00bb][vc_column width=\u00a0\u00bb2\/3&Prime;]<div id=\"ultimate-heading-434769f492e3328d8\" class=\"uvc-heading ult-adjust-bottom-margin ultimate-heading-434769f492e3328d8 uvc-6276 \" data-hspacer=\"no_spacer\"  data-halign=\"left\" style=\"text-align:left\"><div class=\"uvc-heading-spacer no_spacer\" style=\"top\"><\/div><div class=\"uvc-main-heading ult-responsive\"  data-ultimate-target='.uvc-heading.ultimate-heading-434769f492e3328d8 h2'  data-responsive-json-new='{\"font-size\":\"desktop:32px;\",\"line-height\":\"desktop:42px;\"}' ><h2 style=\"font-weight:bold;color:#ffffff;margin-bottom:20px;\">Devis et informations<\/h2><\/div><div class=\"uvc-sub-heading ult-responsive\"  data-ultimate-target='.uvc-heading.ultimate-heading-434769f492e3328d8 .uvc-sub-heading '  data-responsive-json-new='{\"font-size\":\"desktop:18px;\",\"line-height\":\"desktop:30px;\"}'  style=\"font-weight:normal;color:#ffffff;margin-bottom:30px;\">Pour devis et informations contactez-nous!<br \/>\nVous serez contact\u00e9 par des techniciens qualifi\u00e9s pour une \u00e9valuation sans engagement.<\/div><\/div><style type=\"text\/css\" data-type=\"the7_shortcodes-inline-css\">#default-btn-93edb7569fb1651464745c7029c8d32a.ico-right-side > i {\n  margin-right: 0px;\n  margin-left: 8px;\n}\n#default-btn-93edb7569fb1651464745c7029c8d32a > i {\n  margin-right: 8px;\n}<\/style><a href=\"https:\/\/www.seimmserramenti.it\/fr\/coordonnees-et-informations\/\" class=\"default-btn-shortcode dt-btn dt-btn-m link-hover-off btn-inline-left \" id=\"default-btn-93edb7569fb1651464745c7029c8d32a\" title=\"Coordonn\u00e8es et informations\"><span>Contactez-nous<\/span><\/a>[\/vc_column][\/vc_row]<\/p>\n<\/div>","protected":false},"excerpt":{"rendered":"<p>[vc_row][vc_column][\/vc_column][\/vc_row][vc_row type=\u00a0\u00bbvc_default\u00a0\u00bb margin_top=\u00a0\u00bb5&Prime; margin_bottom=\u00a0\u00bb15&Prime; css=\u00a0\u00bb.vc_custom_1493829267800{padding-top: 70px !important;}\u00a0\u00bb][vc_column offset=\u00a0\u00bbvc_col-lg-6 vc_col-md-6 vc_col-xs-12&Prime; css=\u00a0\u00bb.vc_custom_1493829169670{padding-bottom: 70px !important;}\u00a0\u00bb][\/vc_column][vc_column offset=\u00a0\u00bbvc_col-lg-6 vc_col-md-6 vc_col-xs-12&Prime; css=\u00a0\u00bb.vc_custom_1493829183360{padding-bottom: 70px !important;}\u00a0\u00bb][vc_column_text]PARASOLS MOTORIS\u00c9S : Parasols qui, selon la position du soleil, peuvent guider la lumi\u00e8re naturelle dans l&rsquo;espace. Ils peuvent s&rsquo;\u00e9clairer ou s&rsquo;assombrir selon les besoins, vous pouvez d\u00e9cider de laisser entrer le plus de lumi\u00e8re possible sans&hellip;<\/p>\n","protected":false},"author":1,"featured_media":0,"parent":2274,"menu_order":1,"comment_status":"closed","ping_status":"closed","template":"","meta":{"footnotes":""},"class_list":["post-2268","page","type-page","status-publish","hentry","description-off"],"yoast_head":"<!-- This site is optimized with the Yoast SEO plugin v27.4 - https:\/\/yoast.com\/product\/yoast-seo-wordpress\/ -->\n<title>Brise-soleil-volets roulants-moustiquaires - Seimm Serramenti<\/title>\n<meta name=\"description\" content=\"Frangisole motorizzati persiane e scuri avvolgibili e cassonetti zanzariere verticali per finestre e scorrevoli orizzontali Seimm serramenti\" \/>\n<meta name=\"robots\" content=\"index, follow, max-snippet:-1, max-image-preview:large, max-video-preview:-1\" \/>\n<link rel=\"canonical\" href=\"https:\/\/www.seimmserramenti.it\/fr\/produits-serramenti-seimm\/complements\/brise-soleil-volets-roulants-moustiquaires\/\" \/>\n<meta property=\"og:locale\" content=\"fr_FR\" \/>\n<meta property=\"og:type\" content=\"article\" \/>\n<meta property=\"og:title\" content=\"Brise-soleil-volets roulants-moustiquaires - Seimm Serramenti\" \/>\n<meta property=\"og:description\" content=\"Frangisole motorizzati persiane e scuri avvolgibili e cassonetti zanzariere verticali per finestre e scorrevoli orizzontali Seimm serramenti\" \/>\n<meta property=\"og:url\" content=\"https:\/\/www.seimmserramenti.it\/fr\/produits-serramenti-seimm\/complements\/brise-soleil-volets-roulants-moustiquaires\/\" \/>\n<meta property=\"og:site_name\" content=\"Seimm Serramenti\" \/>\n<meta property=\"article:modified_time\" content=\"2023-09-07T15:13:24+00:00\" \/>\n<meta name=\"twitter:card\" content=\"summary_large_image\" \/>\n<meta name=\"twitter:label1\" content=\"Dur\u00e9e de lecture estim\u00e9e\" \/>\n\t<meta name=\"twitter:data1\" content=\"2 minutes\" \/>\n<script type=\"application\/ld+json\" class=\"yoast-schema-graph\">{\"@context\":\"https:\\\/\\\/schema.org\",\"@graph\":[{\"@type\":\"WebPage\",\"@id\":\"https:\\\/\\\/www.seimmserramenti.it\\\/fr\\\/produits-serramenti-seimm\\\/complements\\\/brise-soleil-volets-roulants-moustiquaires\\\/\",\"url\":\"https:\\\/\\\/www.seimmserramenti.it\\\/fr\\\/produits-serramenti-seimm\\\/complements\\\/brise-soleil-volets-roulants-moustiquaires\\\/\",\"name\":\"Brise-soleil-volets roulants-moustiquaires - Seimm Serramenti\",\"isPartOf\":{\"@id\":\"https:\\\/\\\/www.seimmserramenti.it\\\/fr\\\/#website\"},\"datePublished\":\"2020-03-03T10:13:13+00:00\",\"dateModified\":\"2023-09-07T15:13:24+00:00\",\"description\":\"Frangisole motorizzati persiane e scuri avvolgibili e cassonetti zanzariere verticali per finestre e scorrevoli orizzontali Seimm serramenti\",\"breadcrumb\":{\"@id\":\"https:\\\/\\\/www.seimmserramenti.it\\\/fr\\\/produits-serramenti-seimm\\\/complements\\\/brise-soleil-volets-roulants-moustiquaires\\\/#breadcrumb\"},\"inLanguage\":\"fr-FR\",\"potentialAction\":[{\"@type\":\"ReadAction\",\"target\":[\"https:\\\/\\\/www.seimmserramenti.it\\\/fr\\\/produits-serramenti-seimm\\\/complements\\\/brise-soleil-volets-roulants-moustiquaires\\\/\"]}]},{\"@type\":\"BreadcrumbList\",\"@id\":\"https:\\\/\\\/www.seimmserramenti.it\\\/fr\\\/produits-serramenti-seimm\\\/complements\\\/brise-soleil-volets-roulants-moustiquaires\\\/#breadcrumb\",\"itemListElement\":[{\"@type\":\"ListItem\",\"position\":1,\"name\":\"Home\",\"item\":\"https:\\\/\\\/www.seimmserramenti.it\\\/fr\\\/\"},{\"@type\":\"ListItem\",\"position\":2,\"name\":\"Produits de Seimm Serramenti\",\"item\":\"https:\\\/\\\/www.seimmserramenti.it\\\/fr\\\/produits-serramenti-seimm\\\/\"},{\"@type\":\"ListItem\",\"position\":3,\"name\":\"Compl\u00e9ments\",\"item\":\"https:\\\/\\\/www.seimmserramenti.it\\\/fr\\\/produits-serramenti-seimm\\\/complements\\\/\"},{\"@type\":\"ListItem\",\"position\":4,\"name\":\"Brise-soleil-volets roulants-moustiquaires\"}]},{\"@type\":\"WebSite\",\"@id\":\"https:\\\/\\\/www.seimmserramenti.it\\\/fr\\\/#website\",\"url\":\"https:\\\/\\\/www.seimmserramenti.it\\\/fr\\\/\",\"name\":\"Seimm Serramenti\",\"description\":\"La sicurezza fatta a deisgn\",\"potentialAction\":[{\"@type\":\"SearchAction\",\"target\":{\"@type\":\"EntryPoint\",\"urlTemplate\":\"https:\\\/\\\/www.seimmserramenti.it\\\/fr\\\/?s={search_term_string}\"},\"query-input\":{\"@type\":\"PropertyValueSpecification\",\"valueRequired\":true,\"valueName\":\"search_term_string\"}}],\"inLanguage\":\"fr-FR\"}]}<\/script>\n<!-- \/ Yoast SEO plugin. -->","yoast_head_json":{"title":"Brise-soleil-volets roulants-moustiquaires - Seimm Serramenti","description":"Frangisole motorizzati persiane e scuri avvolgibili e cassonetti zanzariere verticali per finestre e scorrevoli orizzontali Seimm serramenti","robots":{"index":"index","follow":"follow","max-snippet":"max-snippet:-1","max-image-preview":"max-image-preview:large","max-video-preview":"max-video-preview:-1"},"canonical":"https:\/\/www.seimmserramenti.it\/fr\/produits-serramenti-seimm\/complements\/brise-soleil-volets-roulants-moustiquaires\/","og_locale":"fr_FR","og_type":"article","og_title":"Brise-soleil-volets roulants-moustiquaires - Seimm Serramenti","og_description":"Frangisole motorizzati persiane e scuri avvolgibili e cassonetti zanzariere verticali per finestre e scorrevoli orizzontali Seimm serramenti","og_url":"https:\/\/www.seimmserramenti.it\/fr\/produits-serramenti-seimm\/complements\/brise-soleil-volets-roulants-moustiquaires\/","og_site_name":"Seimm Serramenti","article_modified_time":"2023-09-07T15:13:24+00:00","twitter_card":"summary_large_image","twitter_misc":{"Dur\u00e9e de lecture estim\u00e9e":"2 minutes"},"schema":{"@context":"https:\/\/schema.org","@graph":[{"@type":"WebPage","@id":"https:\/\/www.seimmserramenti.it\/fr\/produits-serramenti-seimm\/complements\/brise-soleil-volets-roulants-moustiquaires\/","url":"https:\/\/www.seimmserramenti.it\/fr\/produits-serramenti-seimm\/complements\/brise-soleil-volets-roulants-moustiquaires\/","name":"Brise-soleil-volets roulants-moustiquaires - Seimm Serramenti","isPartOf":{"@id":"https:\/\/www.seimmserramenti.it\/fr\/#website"},"datePublished":"2020-03-03T10:13:13+00:00","dateModified":"2023-09-07T15:13:24+00:00","description":"Frangisole motorizzati persiane e scuri avvolgibili e cassonetti zanzariere verticali per finestre e scorrevoli orizzontali Seimm serramenti","breadcrumb":{"@id":"https:\/\/www.seimmserramenti.it\/fr\/produits-serramenti-seimm\/complements\/brise-soleil-volets-roulants-moustiquaires\/#breadcrumb"},"inLanguage":"fr-FR","potentialAction":[{"@type":"ReadAction","target":["https:\/\/www.seimmserramenti.it\/fr\/produits-serramenti-seimm\/complements\/brise-soleil-volets-roulants-moustiquaires\/"]}]},{"@type":"BreadcrumbList","@id":"https:\/\/www.seimmserramenti.it\/fr\/produits-serramenti-seimm\/complements\/brise-soleil-volets-roulants-moustiquaires\/#breadcrumb","itemListElement":[{"@type":"ListItem","position":1,"name":"Home","item":"https:\/\/www.seimmserramenti.it\/fr\/"},{"@type":"ListItem","position":2,"name":"Produits de Seimm Serramenti","item":"https:\/\/www.seimmserramenti.it\/fr\/produits-serramenti-seimm\/"},{"@type":"ListItem","position":3,"name":"Compl\u00e9ments","item":"https:\/\/www.seimmserramenti.it\/fr\/produits-serramenti-seimm\/complements\/"},{"@type":"ListItem","position":4,"name":"Brise-soleil-volets roulants-moustiquaires"}]},{"@type":"WebSite","@id":"https:\/\/www.seimmserramenti.it\/fr\/#website","url":"https:\/\/www.seimmserramenti.it\/fr\/","name":"Seimm Serramenti","description":"La sicurezza fatta a deisgn","potentialAction":[{"@type":"SearchAction","target":{"@type":"EntryPoint","urlTemplate":"https:\/\/www.seimmserramenti.it\/fr\/?s={search_term_string}"},"query-input":{"@type":"PropertyValueSpecification","valueRequired":true,"valueName":"search_term_string"}}],"inLanguage":"fr-FR"}]}},"_links":{"self":[{"href":"https:\/\/www.seimmserramenti.it\/fr\/wp-json\/wp\/v2\/pages\/2268","targetHints":{"allow":["GET"]}}],"collection":[{"href":"https:\/\/www.seimmserramenti.it\/fr\/wp-json\/wp\/v2\/pages"}],"about":[{"href":"https:\/\/www.seimmserramenti.it\/fr\/wp-json\/wp\/v2\/types\/page"}],"author":[{"embeddable":true,"href":"https:\/\/www.seimmserramenti.it\/fr\/wp-json\/wp\/v2\/users\/1"}],"replies":[{"embeddable":true,"href":"https:\/\/www.seimmserramenti.it\/fr\/wp-json\/wp\/v2\/comments?post=2268"}],"version-history":[{"count":5,"href":"https:\/\/www.seimmserramenti.it\/fr\/wp-json\/wp\/v2\/pages\/2268\/revisions"}],"predecessor-version":[{"id":2423,"href":"https:\/\/www.seimmserramenti.it\/fr\/wp-json\/wp\/v2\/pages\/2268\/revisions\/2423"}],"up":[{"embeddable":true,"href":"https:\/\/www.seimmserramenti.it\/fr\/wp-json\/wp\/v2\/pages\/2274"}],"wp:attachment":[{"href":"https:\/\/www.seimmserramenti.it\/fr\/wp-json\/wp\/v2\/media?parent=2268"}],"curies":[{"name":"wp","href":"https:\/\/api.w.org\/{rel}","templated":true}]}}